{"id":31,"date":"2022-09-08T18:21:22","date_gmt":"2022-09-08T16:21:22","guid":{"rendered":"http:\/\/localhost\/almadvokat\/?page_id=31"},"modified":"2022-12-11T13:47:25","modified_gmt":"2022-12-11T12:47:25","slug":"medarbetare","status":"publish","type":"page","link":"https:\/\/www.almadvokat.se\/?page_id=31","title":{"rendered":"Medarbetare-erfarenhet"},"content":{"rendered":"<div class=\"wp-block-image\">\n<figure class=\"alignright size-full is-resized\"><img loading=\"lazy\" decoding=\"async\" src=\"https:\/\/www.almadvokat.se\/wp-content\/uploads\/2022\/09\/Bild2.jpg\" alt=\"\" class=\"wp-image-149\" width=\"471\" height=\"587\"\/><\/figure>\n<\/div>\n\n\n<p>ALM Advokatbyr\u00e5 \u00e4r liktydigt med Jerker Alm som har drygt 25 \u00e5rs erfarenhet av kvalificerat juridiskt arbete, innefattande domstolsarbete vid s\u00e5v\u00e4l tingsr\u00e4tt som hovr\u00e4tt men flertalet \u00e5r har spenderats i rollen som advokat och in-house counsel. \u00a0<\/p>\n\n\n\n<p>Rollen som advokat inneb\u00e4r att ge r\u00e5d och f\u00f6retr\u00e4da klienter inom ett stort antal av juridikens f\u00e4lt men ofta till\u00e4gnar du dig specialistkunskaper inom ett eller ett f\u00e5tal omr\u00e5den. F\u00f6r egen del f\u00f6ll det sig att offentlig upphandling blev ett specialistomr\u00e5de som jag arbetat med l\u00f6pande p\u00e5 n\u00e4rmast daglig basis under de senaste dryga 20 \u00e5ren.<\/p>\n\n\n\n<p>F\u00f6r en advokat inom aff\u00e4rsjuridiken \u00e4r uppr\u00e4ttande och tolkning av avtal en central del av arbetet och s\u00e5 \u00e4r fallet \u00e4ven f\u00f6r mig. Det g\u00e4ller allt fr\u00e5n k\u00f6peavtal, leveransavtal, fastighetsr\u00e4ttsliga avtal och samar\u00adbetsavtal om olika aff\u00e4rsuppl\u00e4gg till avtal om skydd f\u00f6r immateriella r\u00e4ttigheter. P\u00e5 senare \u00e5r har entreprenadr\u00e4ttsliga \u00e4renden blivit en allt mer framtr\u00e4dande del i arbetet.<\/p>\n\n\n\n<p>Genom \u00e5ren som jurist vid Region Sk\u00e5ne och d\u00e4refter som r\u00e5dgivare till olika upphandlande enheter och leveran\u00adt\u00f6rer inom upphandlingsomr\u00e5det har jag gedigen kunskap om s\u00e5v\u00e4l de juridiska som de funktionella och organisatoriska aspekterna av offentlig verksamhet.<\/p>\n\n\n\n<p>Jag har s\u00e4rskild erfarenhet fr\u00e5n energibranschen d\u00e5 jag regelbundet bitr\u00e4tt ett antal stora akt\u00f6rer p\u00e5 den nordiska elmarknaden och ut\u00adrustningsleverant\u00f6rer till elsektorn. Har bitr\u00e4tt v\u00e4rldsledande f\u00f6retag inom managementsektorn i deras avtalsrelationer med offentlig sektor samt har l\u00e5ng erfarenhet av att bitr\u00e4da klienter inom IT-sektorn, h\u00e4lso- och sjukv\u00e5rdssektorn samt transportsektorn.<\/p>\n\n\n\n<p>P\u00e5 den ideella fronten har jag varit verksam som styrelseledamot i S\u00f6der\u00e5sens Golfklubb samt som ordf\u00f6rande i Insamlingsstiftelsen Jonsters Charity. Bitr\u00e4der p\u00e5 pro bono-basis Insamlingsstiftelsen Ellas Hj\u00e4ltar.<\/p>\n\n\n\n<p>Utbildning:&nbsp;&nbsp;&nbsp;&nbsp;&nbsp;&nbsp;&nbsp;&nbsp;&nbsp;&nbsp;&nbsp;&nbsp;&nbsp;&nbsp;&nbsp;&nbsp;&nbsp;&nbsp; Jur kand, Lunds Universitet<\/p>\n\n\n\n<p>&nbsp;&nbsp;&nbsp;&nbsp;&nbsp;&nbsp;&nbsp;&nbsp;&nbsp;&nbsp;&nbsp;&nbsp;&nbsp;&nbsp;&nbsp;&nbsp;&nbsp;&nbsp;&nbsp;&nbsp;&nbsp;&nbsp;&nbsp;&nbsp;&nbsp;&nbsp;&nbsp;&nbsp;&nbsp;&nbsp;&nbsp;&nbsp;&nbsp;&nbsp;&nbsp;&nbsp;&nbsp;Fil kand i f\u00f6retagsekonomi, Lunds Universitet<\/p>\n\n\n\n<p>Domstol:&nbsp;&nbsp;&nbsp;&nbsp;&nbsp;&nbsp;&nbsp;&nbsp;&nbsp;&nbsp;&nbsp;&nbsp;&nbsp;&nbsp;&nbsp;&nbsp;&nbsp;&nbsp;&nbsp;&nbsp;&nbsp;&nbsp; Tingsmeritering, Sunne tingsr\u00e4tt, 1992-1994<\/p>\n\n\n\n<p>&nbsp;&nbsp;&nbsp;&nbsp;&nbsp;&nbsp;&nbsp;&nbsp;&nbsp;&nbsp;&nbsp;&nbsp;&nbsp;&nbsp;&nbsp;&nbsp;&nbsp;&nbsp;&nbsp;&nbsp;&nbsp;&nbsp;&nbsp;&nbsp;&nbsp;&nbsp;&nbsp;&nbsp;&nbsp;&nbsp;&nbsp;&nbsp;&nbsp;&nbsp;&nbsp;&nbsp;&nbsp; Fiskal vid Hovr\u00e4tten \u00f6ver Sk\u00e5ne och Blekinge, 1994-1995<\/p>\n\n\n\n<p>Region Sk\u00e5ne:\u00a0\u00a0\u00a0\u00a0\u00a0\u00a0\u00a0\u00a0\u00a0\u00a0\u00a0\u00a0\u00a0  Regionjurist 1999-2007<\/p>\n\n\n\n<p>Advokat:&nbsp;&nbsp;&nbsp;&nbsp;&nbsp;&nbsp;&nbsp;&nbsp;&nbsp;&nbsp;&nbsp;&nbsp;&nbsp;&nbsp;&nbsp;&nbsp;&nbsp;&nbsp;&nbsp;&nbsp;&nbsp;&nbsp; Advokatfirman Vinge, 1995-1999, 2007-2022<\/p>\n\n\n\n<p><\/p>\n","protected":false},"excerpt":{"rendered":"<p>ALM Advokatbyr\u00e5 \u00e4r liktydigt med Jerker Alm som har drygt 25 \u00e5rs erfarenhet av kvalificerat juridiskt arbete, innefattande domstolsarbete vid s\u00e5v\u00e4l tingsr\u00e4tt som hovr\u00e4tt men flertalet \u00e5r har spenderats i rollen som advokat och in-house counsel. \u00a0 Rollen som advokat inneb\u00e4r att ge r\u00e5d och f\u00f6retr\u00e4da klienter inom ett stort antal av juridikens f\u00e4lt men [&hellip;]<\/p>\n","protected":false},"author":1,"featured_media":0,"parent":0,"menu_order":0,"comment_status":"closed","ping_status":"closed","template":"","meta":{"footnotes":""},"class_list":["post-31","page","type-page","status-publish","hentry"],"_links":{"self":[{"href":"https:\/\/www.almadvokat.se\/index.php?rest_route=\/wp\/v2\/pages\/31","targetHints":{"allow":["GET"]}}],"collection":[{"href":"https:\/\/www.almadvokat.se\/index.php?rest_route=\/wp\/v2\/pages"}],"about":[{"href":"https:\/\/www.almadvokat.se\/index.php?rest_route=\/wp\/v2\/types\/page"}],"author":[{"embeddable":true,"href":"https:\/\/www.almadvokat.se\/index.php?rest_route=\/wp\/v2\/users\/1"}],"replies":[{"embeddable":true,"href":"https:\/\/www.almadvokat.se\/index.php?rest_route=%2Fwp%2Fv2%2Fcomments&post=31"}],"version-history":[{"count":27,"href":"https:\/\/www.almadvokat.se\/index.php?rest_route=\/wp\/v2\/pages\/31\/revisions"}],"predecessor-version":[{"id":348,"href":"https:\/\/www.almadvokat.se\/index.php?rest_route=\/wp\/v2\/pages\/31\/revisions\/348"}],"wp:attachment":[{"href":"https:\/\/www.almadvokat.se\/index.php?rest_route=%2Fwp%2Fv2%2Fmedia&parent=31"}],"curies":[{"name":"wp","href":"https:\/\/api.w.org\/{rel}","templated":true}]}}